{"version":"1.0","provider_name":"Zesp\u00f3\u0142 Szk\u00f3\u0142 Technicznych w K\u0142odzku","provider_url":"https:\/\/zst.klodzko.pl\/zst","author_name":"Aktualno\u015bci \u201eBUDOWLANKI\u201d","author_url":"https:\/\/zst.klodzko.pl\/zst\/author\/wojtek601312016\/","title":"Zako\u0144czy\u0142o si\u0119 g\u0142osowanie do M\u0142odzie\u017cowej Rady Powiatu &#8212; Zesp\u00f3\u0142 Szk\u00f3\u0142 Technicznych w K\u0142odzku","type":"rich","width":600,"height":338,"html":"<blockquote class=\"wp-embedded-content\" data-secret=\"CfBwfmXNnt\"><a href=\"https:\/\/zst.klodzko.pl\/zst\/zakonczylo-sie-glosowanie-do-mlodziezowej-rady-powiatu\/\">Zako\u0144czy\u0142o si\u0119 g\u0142osowanie do M\u0142odzie\u017cowej Rady Powiatu<\/a><\/blockquote><iframe sandbox=\"allow-scripts\" security=\"restricted\" src=\"https:\/\/zst.klodzko.pl\/zst\/zakonczylo-sie-glosowanie-do-mlodziezowej-rady-powiatu\/embed\/#?secret=CfBwfmXNnt\" width=\"600\" height=\"338\" title=\"&#8222;Zako\u0144czy\u0142o si\u0119 g\u0142osowanie do M\u0142odzie\u017cowej Rady Powiatu&#8221; &#8212; Zesp\u00f3\u0142 Szk\u00f3\u0142 Technicznych w K\u0142odzku\" data-secret=\"CfBwfmXNnt\" frameborder=\"0\" marginwidth=\"0\" marginheight=\"0\" scrolling=\"no\" class=\"wp-embedded-content\"><\/iframe><script type=\"text\/javascript\">\n\/* <![CDATA[ *\/\n\/*! This file is auto-generated *\/\n!function(d,l){\"use strict\";l.querySelector&&d.addEventListener&&\"undefined\"!=typeof URL&&(d.wp=d.wp||{},d.wp.receiveEmbedMessage||(d.wp.receiveEmbedMessage=function(e){var t=e.data;if((t||t.secret||t.message||t.value)&&!\/[^a-zA-Z0-9]\/.test(t.secret)){for(var s,r,n,a=l.querySelectorAll('iframe[data-secret=\"'+t.secret+'\"]'),o=l.querySelectorAll('blockquote[data-secret=\"'+t.secret+'\"]'),c=new RegExp(\"^https?:$\",\"i\"),i=0;i<o.length;i++)o[i].style.display=\"none\";for(i=0;i<a.length;i++)s=a[i],e.source===s.contentWindow&&(s.removeAttribute(\"style\"),\"height\"===t.message?(1e3<(r=parseInt(t.value,10))?r=1e3:~~r<200&&(r=200),s.height=r):\"link\"===t.message&&(r=new URL(s.getAttribute(\"src\")),n=new URL(t.value),c.test(n.protocol))&&n.host===r.host&&l.activeElement===s&&(d.top.location.href=t.value))}},d.addEventListener(\"message\",d.wp.receiveEmbedMessage,!1),l.addEventListener(\"DOMContentLoaded\",function(){for(var e,t,s=l.querySelectorAll(\"iframe.wp-embedded-content\"),r=0;r<s.length;r++)(t=(e=s[r]).getAttribute(\"data-secret\"))||(t=Math.random().toString(36).substring(2,12),e.src+=\"#?secret=\"+t,e.setAttribute(\"data-secret\",t)),e.contentWindow.postMessage({message:\"ready\",secret:t},\"*\")},!1)))}(window,document);\n\/\/# sourceURL=https:\/\/zst.klodzko.pl\/zst\/wp-includes\/js\/wp-embed.min.js\n\/* ]]> *\/\n<\/script>\n","description":"Niech M\u0142odzi maj\u0105 g\u0142os! Zako\u0144czy\u0142o si\u0119 g\u0142osowanie do M\u0142odzie\u017cowej Rady Powiatu. W jej sk\u0142adzie znalaz\u0142y si\u0119 dwie uczennice Budowlanki: Olga Kubabska i Antonina Zaj\u0105c. Wierzymy, \u017ce ich aktywno\u015b\u0107 i pasja znajd\u0105 odzwierciedlenie w wielu m\u0142odzie\u017cowych projektach: rozwojowych, tw\u00f3rczych, ekologicznych, przedsi\u0119biorczych &hellip; Czytaj dalej &rarr;","thumbnail_url":"https:\/\/zst.klodzko.pl\/zst\/wp-content\/uploads\/2023\/12\/Mlodziezowa-Rada-Powiatu-Klodzkiego.png"}